{"id":1073,"date":"2019-07-04T12:19:14","date_gmt":"2019-07-04T12:19:14","guid":{"rendered":"http:\/\/www.nemesiscs.it\/wordpress-scs\/?page_id=1073"},"modified":"2026-04-30T12:31:53","modified_gmt":"2026-04-30T12:31:53","slug":"attivita-produttive","status":"publish","type":"page","link":"https:\/\/www.nemesiscs.it\/wordpress-scs\/attivita-produttive\/","title":{"rendered":"ATTIVIT\u00c0 PRODUTTIVE"},"content":{"rendered":"\n<script>\nif( document.getElementById( \"builder-styles-css\" ) ) document.getElementById( \"builder-styles-css\" ).insertAdjacentHTML( \"beforebegin\", \"<link rel='stylesheet' href='https:\/\/www.nemesiscs.it\/wordpress-scs\/wp-content\/themes\/themify-ultra\/themify\/themify-builder\/css\/themify-builder-style.css' type='text\/css' \/>\" );\n<\/script>\n\t\t\t<div id=\"themify_builder_content-1073\" data-postid=\"1073\" class=\"themify_builder_content themify_builder_content-1073 themify_builder themify_builder_front\">\n\n\t\t\t\t<!-- module_row -->\n\t\t\t<div  data-gutter=\"gutter-default\" class=\"themify_builder_row themify_builder_1073_row module_row module_row_0 module_row_1073-0 clearfix gutter-default col_align_top fullwidth\" data-column-alignment=\"col_align_top\">\n\n\t\t\n\t\t\t\t\n\t\t\t\t<div class=\"row_inner_wrapper\">\n\t\t\t\t\t<div class=\"row_inner\">\n\n\t\t\t\t\t\t\n\t\t\t\t\t\t\n\t\t\t\t\t\t\t\n\t\t<div  class=\"col-full first tb-column  tb_1073_column module_column_0 module_column_1073-0-0 module_column\" >\n\n\t\t\t\n\t\t\t\n\t\t\t<div class=\"tb-column-inner\">\n\n\t\t\t\t\n\t\t\t\t\n\t\t\t\t\t\n<!-- module fancy heading -->\n<div id=\"fancy-heading-1073-0-0-1\" class=\"module module-fancy-heading fancy-heading-1073-0-0-1  \">\n\t<h1 class=\"fancy-heading themify-text-right\">\n\t\t<span class=\"main-head\">LA COOPERATIVA NASCE PER OFFRIRE OPPORTUNIT\u00c0 DI INSERIMENTO LAVORATIVO ALLE PERSONE SVANTAGGIATE DEL TERRITORIO DELLE BASSA FRIULANA.<\/span>\n\t\t<span class=\"sub-head\"><\/span>\n\t<\/h1>\n<\/div>\n<!-- \/module fancy heading -->\n\n\t\t\t\t\n\t\t\t<\/div><!-- \/.tb-column-inner -->\n\t\t\t\t\t<\/div>\n\t\t<!-- \/.tb-column -->\n\t\t\n\t\t\n\t\t\t\t\t\t\t\t\n\t\t\t\t\t\t\t\t\n\t\t\t\t\t\t\t\n\t\t\t\t\t\t<\/div>\n\t\t\t\t\t\t<!-- \/row_inner -->\n\t\t\t\t\t<\/div>\n\t\t\t\t\t<!-- \/row_inner_wrapper -->\n\t\t\t\t<\/div>\n\t\t\t\t<!-- \/module_row -->\n\t\t\t\t\t<!-- module_row -->\n\t\t\t<div  data-gutter=\"gutter-default\" class=\"themify_builder_row themify_builder_1073_row module_row module_row_1 module_row_1073-1 clearfix gutter-default col_align_top\" data-column-alignment=\"col_align_top\">\n\n\t\t\n\t\t\t\t\n\t\t\t\t<div class=\"row_inner_wrapper\">\n\t\t\t\t\t<div class=\"row_inner\">\n\n\t\t\t\t\t\t\n\t\t\t\t\t\t\n\t\t\t\t\t\t\t\n\t\t<div  class=\"col-full first tb-column  tb_1073_column module_column_0 module_column_1073-1-0 module_column\" >\n\n\t\t\t\n\t\t\t\n\t\t\t<div class=\"tb-column-inner\">\n\n\t\t\t\t\n\t\t\t\t\n\t\t\t\t\t\n<!-- module text -->\n<div id=\"text-1073-1-0-1\" class=\"module module-text text-1073-1-0-1   \">\n\t\n\t\n\t<p>Oltre che nei servizi orientati prettamente alle persone (servizi di Tipo A), la Cooperativa svolge il proprio operato anche nella forma di <span style=\"color: #ff0000;\"><strong>servizi ai privati e alle imprese (servizi di tipo B)<\/strong><\/span>.<\/p><p>Scopo sociale della Cooperativa \u00e8 anche lo sviluppo di opportunit\u00e0 di <strong>inserimento lavorativo<\/strong> per le persone svantaggiate.<\/p><p>Oggi Nemesi \u00e8 in grado anche di collaborare con le aziende che hanno la necessit\u00e0 di collocare persone con disabilit\u00e0 secondo le modalit\u00e0 della &#8220;<span style=\"color: #ff0000;\"><strong>Convenzione Articolo 14<\/strong><\/span>&#8221; (prevista dalla Legge Biagi!). <a href=\"mailto: gilberto.turra@nemesiscs.it\"><strong>Contattateci!<\/strong><\/a><\/p>\n\t<\/div>\n<!-- \/module text -->\n\n\t\t\t\t\n\t\t\t<\/div><!-- \/.tb-column-inner -->\n\t\t\t\t\t<\/div>\n\t\t<!-- \/.tb-column -->\n\t\t\n\t\t\n\t\t\t\t\t\t\t\t\n\t\t\t\t\t\t\t\t\n\t\t\t\t\t\t\t\n\t\t\t\t\t\t<\/div>\n\t\t\t\t\t\t<!-- \/row_inner -->\n\t\t\t\t\t<\/div>\n\t\t\t\t\t<!-- \/row_inner_wrapper -->\n\t\t\t\t<\/div>\n\t\t\t\t<!-- \/module_row -->\n\t\t\t\t\t<!-- module_row -->\n\t\t\t<div  data-gutter=\"gutter-default\" class=\"themify_builder_row themify_builder_1073_row module_row module_row_2 module_row_1073-2 clearfix gutter-default col_align_top\" data-column-alignment=\"col_align_top\">\n\n\t\t\n\t\t\t\t\n\t\t\t\t<div class=\"row_inner_wrapper\">\n\t\t\t\t\t<div class=\"row_inner\">\n\n\t\t\t\t\t\t\n\t\t\t\t\t\t\n\t\t\t\t\t\t\t\n\t\t<div  class=\"col-full first tb-column  tb_1073_column module_column_0 module_column_1073-2-0 module_column\" >\n\n\t\t\t\n\t\t\t\n\t\t\t<div class=\"tb-column-inner\">\n\n\t\t\t\t\n\t\t\t\t\n\t\t\t\t\t\n<!-- module fancy heading -->\n<div id=\"fancy-heading-1073-2-0-1\" class=\"module module-fancy-heading fancy-heading-1073-2-0-1  \">\n\t<h1 class=\"fancy-heading themify-text-center\">\n\t\t<span class=\"main-head\">COSA FACCIAMO<\/span>\n\t\t<span class=\"sub-head\"><\/span>\n\t<\/h1>\n<\/div>\n<!-- \/module fancy heading -->\n\n\t\t\t\t\n\t\t\t<\/div><!-- \/.tb-column-inner -->\n\t\t\t\t\t<\/div>\n\t\t<!-- \/.tb-column -->\n\t\t\n\t\t\n\t\t\t\t\t\t\t\t\n\t\t\t\t\t\t\t\t\n\t\t\t\t\t\t\t\n\t\t\t\t\t\t<\/div>\n\t\t\t\t\t\t<!-- \/row_inner -->\n\t\t\t\t\t<\/div>\n\t\t\t\t\t<!-- \/row_inner_wrapper -->\n\t\t\t\t<\/div>\n\t\t\t\t<!-- \/module_row -->\n\t\t\t\t\t<!-- module_row -->\n\t\t\t<div  data-gutter=\"gutter-default\" class=\"themify_builder_row themify_builder_1073_row module_row module_row_3 module_row_1073-3 clearfix gutter-default col_align_top\" data-column-alignment=\"col_align_top\">\n\n\t\t\n\t\t\t\t\n\t\t\t\t<div class=\"row_inner_wrapper\">\n\t\t\t\t\t<div class=\"row_inner\">\n\n\t\t\t\t\t\t\n\t\t\t\t\t\t\n\t\t\t\t\t\t\t\n\t\t<div  class=\"col3-1 first tb-column  tb_1073_column module_column_0 module_column_1073-3-0 module_column\" >\n\n\t\t\t\n\t\t\t\n\t\t\t<div class=\"tb-column-inner\">\n\n\t\t\t\t\n\t\t\t\t\n\t\t\t\t\t\n\t<!-- module image -->\n\t<div id=\"image-1073-3-0-1\" class=\"module module-image image-1073-3-0-1 drop-shadow bordered circle image-top  \">\n\n\t\t\n\t\t\n\t\t<div class=\"image-wrap\">\n\t\t\t\t\t\t\t<a href=\"http:\/\/www.nemesiscs.it\/wordpress-scs\/attivita-produttive\/noleggio-arco\/\"  target=\"_blank\">\n\t\t\t\t\t\t\t\t\t\t<img decoding=\"async\" src=\"http:\/\/www.nemesiscs.it\/wordpress-scs\/wp-content\/uploads\/2021\/05\/arco_home-322x322.jpg\" width=\"322\" class=\" wp-image-1918\" alt=\"arco_home\" srcset=\"https:\/\/www.nemesiscs.it\/wordpress-scs\/wp-content\/uploads\/2021\/05\/arco_home-322x322.jpg 322w, https:\/\/www.nemesiscs.it\/wordpress-scs\/wp-content\/uploads\/2021\/05\/arco_home-150x150.jpg 150w, https:\/\/www.nemesiscs.it\/wordpress-scs\/wp-content\/uploads\/2021\/05\/arco_home-300x300.jpg 300w, https:\/\/www.nemesiscs.it\/wordpress-scs\/wp-content\/uploads\/2021\/05\/arco_home-559x559.jpg 559w, https:\/\/www.nemesiscs.it\/wordpress-scs\/wp-content\/uploads\/2021\/05\/arco_home.jpg 632w\" sizes=\"(max-width: 322px) 100vw, 322px\" \/>\t\t\t\t<\/a>\n\t\t\t\n\t\t\t\t\t\t<\/div>\n\t\t\t<!-- \/image-wrap -->\n\t\t\n\t\t\n\t\t\n\t\t<\/div>\n\t<!-- \/module image -->\n\n\n<!-- module text -->\n<div id=\"text-1073-3-0-2\" class=\"module module-text text-1073-3-0-2   \">\n\t\t\t<h3 class=\"module-title\">In bici al mare<\/h3>\t\n\t\n\t<p>La bella stagione \u00e8 partita! Passa al Noleggio Arco e noleggia un risci\u00f2 o una bici per visitare Lignano Sabbiadoro!<\/p>\n\t<\/div>\n<!-- \/module text -->\n\n\t\t\t\t\n\t\t\t<\/div><!-- \/.tb-column-inner -->\n\t\t\t\t\t<\/div>\n\t\t<!-- \/.tb-column -->\n\t\t\n\t\t\n\t\t<div  class=\"col3-1 middle tb-column  tb_1073_column module_column_1 module_column_1073-3-1 module_column\" >\n\n\t\t\t\n\t\t\t\n\t\t\t<div class=\"tb-column-inner\">\n\n\t\t\t\t\n\t\t\t\t\n\t\t\t\t\t\n\t<!-- module image -->\n\t<div id=\"image-1073-3-1-1\" class=\"module module-image image-1073-3-1-1 drop-shadow bordered circle image-overlay  \">\n\n\t\t\n\t\t\n\t\t<div class=\"image-wrap\">\n\t\t\t\t\t\t\t<a href=\"http:\/\/www.nemesiscs.it\/wordpress-scs\/attivita-produttive\/nemesi-servizi\/\"  target=\"_blank\">\n\t\t\t\t\t\t\t\t\t\t<img decoding=\"async\" src=\"http:\/\/www.nemesiscs.it\/wordpress-scs\/wp-content\/uploads\/2021\/05\/mobili_home-320x320.jpg\" width=\"320\" class=\" wp-image-1910\" alt=\"mobili_home\" srcset=\"https:\/\/www.nemesiscs.it\/wordpress-scs\/wp-content\/uploads\/2021\/05\/mobili_home-320x320.jpg 320w, https:\/\/www.nemesiscs.it\/wordpress-scs\/wp-content\/uploads\/2021\/05\/mobili_home-150x150.jpg 150w, https:\/\/www.nemesiscs.it\/wordpress-scs\/wp-content\/uploads\/2021\/05\/mobili_home-300x300.jpg 300w, https:\/\/www.nemesiscs.it\/wordpress-scs\/wp-content\/uploads\/2021\/05\/mobili_home-322x322.jpg 322w, https:\/\/www.nemesiscs.it\/wordpress-scs\/wp-content\/uploads\/2021\/05\/mobili_home.jpg 316w\" sizes=\"(max-width: 320px) 100vw, 320px\" \/>\t\t\t\t<\/a>\n\t\t\t\n\t\t\t\n\t\t\n\t\t\t\t<\/div>\n\t\t<!-- \/image-wrap -->\n\t\n\t\t<\/div>\n\t<!-- \/module image -->\n\n\n<!-- module text -->\n<div id=\"text-1073-3-1-2\" class=\"module module-text text-1073-3-1-2   \">\n\t\t\t<h3 class=\"module-title\">Montaggio Mobili<\/h3>\t\n\t\n\t<p>Nemesi Servizi ha sede all\u2019interno di un\u2019officina ubicata San Giovanni al Natisone e da noi gestita, realizziamo tavoli e sedie su misura, oltre che occuparci delle fasi di imballaggio<\/p>\n\t<\/div>\n<!-- \/module text -->\n\n\t\t\t\t\n\t\t\t<\/div><!-- \/.tb-column-inner -->\n\t\t\t\t\t<\/div>\n\t\t<!-- \/.tb-column -->\n\t\t\n\t\t\n\t\t<div  class=\"col3-1 last tb-column  tb_1073_column module_column_2 module_column_1073-3-2 module_column\" >\n\n\t\t\t\n\t\t\t\n\t\t\t<div class=\"tb-column-inner\">\n\n\t\t\t\t\n\t\t\t\t\n\t\t\t\t\t\n\t<!-- module image -->\n\t<div id=\"image-1073-3-2-1\" class=\"module module-image image-1073-3-2-1 drop-shadow bordered circle image-top  \">\n\n\t\t\n\t\t\n\t\t<div class=\"image-wrap\">\n\t\t\t\t\t\t\t<a href=\"http:\/\/www.nemesiscs.it\/wordpress-scs\/attivita-produttive\/cementine\/\"  target=\"_blank\">\n\t\t\t\t\t\t\t\t\t\t<img decoding=\"async\" src=\"http:\/\/www.nemesiscs.it\/wordpress-scs\/wp-content\/uploads\/2021\/05\/cem_mos_home-322x322.jpg\" width=\"322\" class=\" wp-image-1914\" alt=\"cem_mos_home\" srcset=\"https:\/\/www.nemesiscs.it\/wordpress-scs\/wp-content\/uploads\/2021\/05\/cem_mos_home-322x322.jpg 322w, https:\/\/www.nemesiscs.it\/wordpress-scs\/wp-content\/uploads\/2021\/05\/cem_mos_home-150x150.jpg 150w, https:\/\/www.nemesiscs.it\/wordpress-scs\/wp-content\/uploads\/2021\/05\/cem_mos_home-300x300.jpg 300w, https:\/\/www.nemesiscs.it\/wordpress-scs\/wp-content\/uploads\/2021\/05\/cem_mos_home.jpg 632w\" sizes=\"(max-width: 322px) 100vw, 322px\" \/>\t\t\t\t<\/a>\n\t\t\t\n\t\t\t\t\t\t<\/div>\n\t\t\t<!-- \/image-wrap -->\n\t\t\n\t\t\n\t\t\n\t\t<\/div>\n\t<!-- \/module image -->\n\n\n<!-- module text -->\n<div id=\"text-1073-3-2-2\" class=\"module module-text text-1073-3-2-2   \">\n\t\t\t<h3 class=\"module-title\">Cementine!<\/h3>\t\n\t\n\t<p>Un progetto lanciato nel 2019, possibile grazie alla passione e le competenze che ci sono state trasmesse da alcuni artigiani. Le mattonelle vantano una realizzazione completamente artigianale, nei rispetti di una tradizione nata a fine \u2018800<\/p>\n\t<\/div>\n<!-- \/module text -->\n\n\t\t\t\t\n\t\t\t<\/div><!-- \/.tb-column-inner -->\n\t\t\t\t\t<\/div>\n\t\t<!-- \/.tb-column -->\n\t\t\n\t\t\n\t\t\t\t\t\t\t\t\n\t\t\t\t\t\t\t\t\n\t\t\t\t\t\t\t\n\t\t\t\t\t\t<\/div>\n\t\t\t\t\t\t<!-- \/row_inner -->\n\t\t\t\t\t<\/div>\n\t\t\t\t\t<!-- \/row_inner_wrapper -->\n\t\t\t\t<\/div>\n\t\t\t\t<!-- \/module_row -->\n\t\t\t\t\t<!-- module_row -->\n\t\t\t<div  data-gutter=\"gutter-default\" class=\"themify_builder_row themify_builder_1073_row module_row module_row_4 module_row_1073-4 clearfix gutter-default col_align_top\" data-column-alignment=\"col_align_top\">\n\n\t\t\n\t\t\t\t\n\t\t\t\t<div class=\"row_inner_wrapper\">\n\t\t\t\t\t<div class=\"row_inner\">\n\n\t\t\t\t\t\t\n\t\t\t\t\t\t\n\t\t\t\t\t\t\t\n\t\t<div  class=\"col3-1 first tb-column  tb_1073_column module_column_0 module_column_1073-4-0 module_column\" >\n\n\t\t\t\n\t\t\t\n\t\t\t<div class=\"tb-column-inner\">\n\n\t\t\t\t\n\t\t\t\t\n\t\t\t\t\t\n\t<!-- module image -->\n\t<div id=\"image-1073-4-0-1\" class=\"module module-image image-1073-4-0-1 drop-shadow bordered circle image-top  \">\n\n\t\t\n\t\t\n\t\t<div class=\"image-wrap\">\n\t\t\t\t\t\t\t<a href=\"http:\/\/www.nemesiscs.it\/wordpress-scs\/attivita-produttive\/pulizie-e-sanificazioni\/\"  target=\"_blank\">\n\t\t\t\t\t\t\t\t\t\t<img decoding=\"async\" src=\"http:\/\/www.nemesiscs.it\/wordpress-scs\/wp-content\/uploads\/2021\/07\/pulizie-322x322.jpg\" width=\"322\" class=\" wp-image-2170\" alt=\"pulizie\" srcset=\"https:\/\/www.nemesiscs.it\/wordpress-scs\/wp-content\/uploads\/2021\/07\/pulizie-322x322.jpg 322w, https:\/\/www.nemesiscs.it\/wordpress-scs\/wp-content\/uploads\/2021\/07\/pulizie-150x150.jpg 150w, https:\/\/www.nemesiscs.it\/wordpress-scs\/wp-content\/uploads\/2021\/07\/pulizie-300x300.jpg 300w, https:\/\/www.nemesiscs.it\/wordpress-scs\/wp-content\/uploads\/2021\/07\/pulizie.jpg 632w\" sizes=\"(max-width: 322px) 100vw, 322px\" \/>\t\t\t\t<\/a>\n\t\t\t\n\t\t\t\t\t\t<\/div>\n\t\t\t<!-- \/image-wrap -->\n\t\t\n\t\t\n\t\t\n\t\t<\/div>\n\t<!-- \/module image -->\n\n\n<!-- module text -->\n<div id=\"text-1073-4-0-2\" class=\"module module-text text-1073-4-0-2   \">\n\t\t\t<h3 class=\"module-title\">Pulizie e sanificazioni<\/h3>\t\n\t\n\t<p>Impiegati principalmente presso l\u2019azienda \u201cLe Grazie\u201d di Udine, nonch\u00e9 in svariati condomini e residenze private della bassa friulana, operiamo anche nel settore delle pulizie.<\/p>\n\t<\/div>\n<!-- \/module text -->\n\n\t\t\t\t\n\t\t\t<\/div><!-- \/.tb-column-inner -->\n\t\t\t\t\t<\/div>\n\t\t<!-- \/.tb-column -->\n\t\t\n\t\t\n\t\t<div  class=\"col3-1 middle tb-column  tb_1073_column module_column_1 module_column_1073-4-1 module_column\" >\n\n\t\t\t\n\t\t\t\n\t\t\t<div class=\"tb-column-inner\">\n\n\t\t\t\t\n\t\t\t\t\n\t\t\t\t\t\n\t<!-- module image -->\n\t<div id=\"image-1073-4-1-1\" class=\"module module-image image-1073-4-1-1 drop-shadow bordered circle image-overlay  \">\n\n\t\t\n\t\t\n\t\t<div class=\"image-wrap\">\n\t\t\t\t\t\t\t<a href=\"http:\/\/www.nemesiscs.it\/wordpress-scs\/attivita-produttive\/giochi-gommosi\/\"  target=\"_blank\">\n\t\t\t\t\t\t\t\t\t\t<img decoding=\"async\" src=\"http:\/\/www.nemesiscs.it\/wordpress-scs\/wp-content\/uploads\/2021\/05\/gonfiabili_home-322x322.jpg\" width=\"322\" class=\" wp-image-1915\" alt=\"gonfiabili_home\" srcset=\"https:\/\/www.nemesiscs.it\/wordpress-scs\/wp-content\/uploads\/2021\/05\/gonfiabili_home-322x322.jpg 322w, https:\/\/www.nemesiscs.it\/wordpress-scs\/wp-content\/uploads\/2021\/05\/gonfiabili_home-150x150.jpg 150w, https:\/\/www.nemesiscs.it\/wordpress-scs\/wp-content\/uploads\/2021\/05\/gonfiabili_home-300x300.jpg 300w, https:\/\/www.nemesiscs.it\/wordpress-scs\/wp-content\/uploads\/2021\/05\/gonfiabili_home.jpg 632w\" sizes=\"(max-width: 322px) 100vw, 322px\" \/>\t\t\t\t<\/a>\n\t\t\t\n\t\t\t\n\t\t\n\t\t\t\t<\/div>\n\t\t<!-- \/image-wrap -->\n\t\n\t\t<\/div>\n\t<!-- \/module image -->\n\n\n<!-- module text -->\n<div id=\"text-1073-4-1-2\" class=\"module module-text text-1073-4-1-2   \">\n\t\t\t<h3 class=\"module-title\">Giochi Gommosi<\/h3>\t\n\t\n\t<p>Noleggio di giochi gonfiabili per eventi privati e pubblici in tutto il Friuli, tutti collaudati periodicamente e con regolare licenza di \u201cSpettacoli Viaggianti\u201d<\/p>\n\t<\/div>\n<!-- \/module text -->\n\n\t\t\t\t\n\t\t\t<\/div><!-- \/.tb-column-inner -->\n\t\t\t\t\t<\/div>\n\t\t<!-- \/.tb-column -->\n\t\t\n\t\t\n\t\t<div  class=\"col3-1 last tb-column  tb_1073_column module_column_2 module_column_1073-4-2 module_column\" >\n\n\t\t\t\n\t\t\t\n\t\t\t<div class=\"tb-column-inner\">\n\n\t\t\t\t\n\t\t\t\t\n\t\t\t\t\t\n\t<!-- module image -->\n\t<div id=\"image-1073-4-2-1\" class=\"module module-image image-1073-4-2-1 drop-shadow bordered circle image-top  \">\n\n\t\t\n\t\t\n\t\t<div class=\"image-wrap\">\n\t\t\t\t\t\t\t<a href=\"https:\/\/www.nemesiscs.it\/wordpress-scs\/attivita-produttive\/centro-del-riuso\/\"  target=\"_blank\">\n\t\t\t\t\t\t\t\t\t\t<img decoding=\"async\" src=\"http:\/\/www.nemesiscs.it\/wordpress-scs\/wp-content\/uploads\/2025\/03\/SIMPRI-UTIL-600-1-322x320.png\" width=\"322\" class=\" wp-image-2857\" alt=\"SIMPRI-UTIL-600-1\" srcset=\"https:\/\/www.nemesiscs.it\/wordpress-scs\/wp-content\/uploads\/2025\/03\/SIMPRI-UTIL-600-1-322x320.png 322w, https:\/\/www.nemesiscs.it\/wordpress-scs\/wp-content\/uploads\/2025\/03\/SIMPRI-UTIL-600-1-300x298.png 300w, https:\/\/www.nemesiscs.it\/wordpress-scs\/wp-content\/uploads\/2025\/03\/SIMPRI-UTIL-600-1-150x150.png 150w, https:\/\/www.nemesiscs.it\/wordpress-scs\/wp-content\/uploads\/2025\/03\/SIMPRI-UTIL-600-1.png 650w\" sizes=\"(max-width: 322px) 100vw, 322px\" \/>\t\t\t\t<\/a>\n\t\t\t\n\t\t\t\t\t\t<\/div>\n\t\t\t<!-- \/image-wrap -->\n\t\t\n\t\t\n\t\t\n\t\t<\/div>\n\t<!-- \/module image -->\n\n\n<!-- module text -->\n<div id=\"text-1073-4-2-2\" class=\"module module-text text-1073-4-2-2   \">\n\t\t\t<h3 class=\"module-title\">Simpri Util!<\/h3>\t\n\t\n\t<p>A Bagnaria Arsa \u00e8 attivo il Centro eco-solidale del riuso \u201cSIMPRI UTIL\u201d, nato con il coinvolgimento del Comune. Consente di dare una seconda vita ai beni inutilizzati, un progetto a beneficio dell\u2019ambiente e della comunit\u00e0.<\/p>\n\t<\/div>\n<!-- \/module text -->\n\n\t\t\t\t\n\t\t\t<\/div><!-- \/.tb-column-inner -->\n\t\t\t\t\t<\/div>\n\t\t<!-- \/.tb-column -->\n\t\t\n\t\t\n\t\t\t\t\t\t\t\t\n\t\t\t\t\t\t\t\t\n\t\t\t\t\t\t\t\n\t\t\t\t\t\t<\/div>\n\t\t\t\t\t\t<!-- \/row_inner -->\n\t\t\t\t\t<\/div>\n\t\t\t\t\t<!-- \/row_inner_wrapper -->\n\t\t\t\t<\/div>\n\t\t\t\t<!-- \/module_row -->\n\t\t\t\t\t<!-- module_row -->\n\t\t\t<div  data-gutter=\"gutter-default\" class=\"themify_builder_row themify_builder_1073_row module_row module_row_5 module_row_1073-5 clearfix gutter-default col_align_top\" data-column-alignment=\"col_align_top\">\n\n\t\t\n\t\t\t\t\n\t\t\t\t<div class=\"row_inner_wrapper\">\n\t\t\t\t\t<div class=\"row_inner\">\n\n\t\t\t\t\t\t\n\t\t\t\t\t\t\n\t\t\t\t\t\t\t\n\t\t<div  class=\"col3-1 first tb-column  tb_1073_column module_column_0 module_column_1073-5-0 module_column\" >\n\n\t\t\t\n\t\t\t\n\t\t\t<div class=\"tb-column-inner\">\n\n\t\t\t\t\n\t\t\t\t\n\t\t\t\t\t\n\t<!-- module image -->\n\t<div id=\"image-1073-5-0-1\" class=\"module module-image image-1073-5-0-1 drop-shadow bordered circle image-top  \">\n\n\t\t\n\t\t\n\t\t<div class=\"image-wrap\">\n\t\t\t\t\t\t\t<a href=\"http:\/\/www.nemesiscs.it\/wordpress-scs\/attivita-produttive\/ce-posto-per-te\/\"  target=\"_blank\">\n\t\t\t\t\t\t\t\t\t\t<img decoding=\"async\" src=\"http:\/\/www.nemesiscs.it\/wordpress-scs\/wp-content\/uploads\/2022\/02\/portineria-Tavagnacco2-1024x1024-322x322.jpg\" width=\"322\" class=\" wp-image-2305\" alt=\"portineria-Tavagnacco2\" srcset=\"https:\/\/www.nemesiscs.it\/wordpress-scs\/wp-content\/uploads\/2022\/02\/portineria-Tavagnacco2-1024x1024-322x322.jpg 322w, https:\/\/www.nemesiscs.it\/wordpress-scs\/wp-content\/uploads\/2022\/02\/portineria-Tavagnacco2-150x150.jpg 150w, https:\/\/www.nemesiscs.it\/wordpress-scs\/wp-content\/uploads\/2022\/02\/portineria-Tavagnacco2-300x300.jpg 300w, https:\/\/www.nemesiscs.it\/wordpress-scs\/wp-content\/uploads\/2022\/02\/portineria-Tavagnacco2-768x768.jpg 768w, https:\/\/www.nemesiscs.it\/wordpress-scs\/wp-content\/uploads\/2022\/02\/portineria-Tavagnacco2-1024x1024.jpg 1024w, https:\/\/www.nemesiscs.it\/wordpress-scs\/wp-content\/uploads\/2022\/02\/portineria-Tavagnacco2.jpg 1264w\" sizes=\"(max-width: 322px) 100vw, 322px\" \/>\t\t\t\t<\/a>\n\t\t\t\n\t\t\t\t\t\t<\/div>\n\t\t\t<!-- \/image-wrap -->\n\t\t\n\t\t\n\t\t\n\t\t<\/div>\n\t<!-- \/module image -->\n\n\n<!-- module text -->\n<div id=\"text-1073-5-0-2\" class=\"module module-text text-1073-5-0-2   \">\n\t\t\t<h3 class=\"module-title\">Servizio Gestione Immobili<\/h3>\t\n\t\n\t<p>Servizio dedicato alla gestione di spazi commerciali o amministrativi, che pu\u00f2 includere attivit\u00e0 dalla segreteria, alla portineria fino alla gestione di utenze e attrezzature elettroniche.<\/p>\n\t<\/div>\n<!-- \/module text -->\n\n\t\t\t\t\n\t\t\t<\/div><!-- \/.tb-column-inner -->\n\t\t\t\t\t<\/div>\n\t\t<!-- \/.tb-column -->\n\t\t\n\t\t\n\t\t<div  class=\"col3-1 middle tb-column  tb_1073_column module_column_1 module_column_1073-5-1 module_column\" >\n\n\t\t\t\n\t\t\t\n\t\t\t<div class=\"tb-column-inner\">\n\n\t\t\t\t\n\t\t\t\t\n\t\t\t\t\t\n\t<!-- module image -->\n\t<div id=\"image-1073-5-1-1\" class=\"module module-image image-1073-5-1-1 drop-shadow bordered circle image-top  \">\n\n\t\t\n\t\t\n\t\t<div class=\"image-wrap\">\n\t\t\t\t\t\t\t<a href=\"https:\/\/www.nemesiscs.it\/wordpress-scs\/attivita-produttive\/simpri_soreli\/\"  target=\"_blank\">\n\t\t\t\t\t\t\t\t\t\t<img decoding=\"async\" src=\"http:\/\/www.nemesiscs.it\/wordpress-scs\/wp-content\/uploads\/2024\/02\/trattorino632-322x322.jpg\" width=\"322\" class=\" wp-image-2694\" alt=\"trattorino632\" srcset=\"https:\/\/www.nemesiscs.it\/wordpress-scs\/wp-content\/uploads\/2024\/02\/trattorino632-322x322.jpg 322w, https:\/\/www.nemesiscs.it\/wordpress-scs\/wp-content\/uploads\/2024\/02\/trattorino632-300x300.jpg 300w, https:\/\/www.nemesiscs.it\/wordpress-scs\/wp-content\/uploads\/2024\/02\/trattorino632-150x150.jpg 150w, https:\/\/www.nemesiscs.it\/wordpress-scs\/wp-content\/uploads\/2024\/02\/trattorino632.jpg 632w\" sizes=\"(max-width: 322px) 100vw, 322px\" \/>\t\t\t\t<\/a>\n\t\t\t\n\t\t\t\t\t\t<\/div>\n\t\t\t<!-- \/image-wrap -->\n\t\t\n\t\t\n\t\t\n\t\t<\/div>\n\t<!-- \/module image -->\n\n\n<!-- module text -->\n<div id=\"text-1073-5-1-2\" class=\"module module-text text-1073-5-1-2   \">\n\t\t\t<h3 class=\"module-title\">Simpri Soleri<\/h3>\t\n\t\n\t<p>Dal 2024 le attivit\u00e0 della Fattoria Sociale Volpares proseguono a San Giorgio di Nogaro.<br data-start=\"88\" data-end=\"91\" \/>Offre servizi di manutenzione del verde, piccole manutenzioni e falegnameria, con il sostegno del DSM dell\u2019ASUFC di Udine.<\/p>\n\t<\/div>\n<!-- \/module text -->\n\n\t\t\t\t\n\t\t\t<\/div><!-- \/.tb-column-inner -->\n\t\t\t\t\t<\/div>\n\t\t<!-- \/.tb-column -->\n\t\t\n\t\t\n\t\t<div  class=\"col3-1 last tb-column  tb_1073_column module_column_2 module_column_1073-5-2 module_column\" >\n\n\t\t\t\n\t\t\t\n\t\t\t<div class=\"tb-column-inner\">\n\n\t\t\t\t\n\t\t\t\t\n\t\t\t\t\t\n\t<!-- module image -->\n\t<div id=\"image-1073-5-2-1\" class=\"module module-image image-1073-5-2-1 drop-shadow bordered circle image-top  \">\n\n\t\t\n\t\t\n\t\t<div class=\"image-wrap\">\n\t\t\t\t\t\t\t<a href=\"http:\/\/www.nemesiscs.it\/wordpress-scs\/attivita-produttive\/cercarsi-lavoro\/\"  target=\"_blank\">\n\t\t\t\t\t\t\t\t\t\t<img decoding=\"async\" src=\"http:\/\/www.nemesiscs.it\/wordpress-scs\/wp-content\/uploads\/2021\/10\/crl_home-322x322.jpg\" width=\"322\" class=\" wp-image-2276\" alt=\"crl_home\" srcset=\"https:\/\/www.nemesiscs.it\/wordpress-scs\/wp-content\/uploads\/2021\/10\/crl_home-322x322.jpg 322w, https:\/\/www.nemesiscs.it\/wordpress-scs\/wp-content\/uploads\/2021\/10\/crl_home-150x150.jpg 150w, https:\/\/www.nemesiscs.it\/wordpress-scs\/wp-content\/uploads\/2021\/10\/crl_home-300x300.jpg 300w, https:\/\/www.nemesiscs.it\/wordpress-scs\/wp-content\/uploads\/2021\/10\/crl_home.jpg 632w\" sizes=\"(max-width: 322px) 100vw, 322px\" \/>\t\t\t\t<\/a>\n\t\t\t\n\t\t\t\t\t\t<\/div>\n\t\t\t<!-- \/image-wrap -->\n\t\t\n\t\t\n\t\t\n\t\t<\/div>\n\t<!-- \/module image -->\n\n\n<!-- module text -->\n<div id=\"text-1073-5-2-2\" class=\"module module-text text-1073-5-2-2   \">\n\t\t\t<h3 class=\"module-title\">IPS-CercaRsi Lavoro<\/h3>\t\n\t\n\t<p>Servizio di orientamento e di sostegno alla ricerca di lavoro <strong>secondo il metodo IPS<\/strong> delle persone in carico ai centri territoriali della salute mentale di ASUFC (Azienda Sanitaria di Udine).\u00a0<\/p>\n\t<\/div>\n<!-- \/module text -->\n\n\t\t\t\t\n\t\t\t<\/div><!-- \/.tb-column-inner -->\n\t\t\t\t\t<\/div>\n\t\t<!-- \/.tb-column -->\n\t\t\n\t\t\n\t\t\t\t\t\t\t\t\n\t\t\t\t\t\t\t\t\n\t\t\t\t\t\t\t\n\t\t\t\t\t\t<\/div>\n\t\t\t\t\t\t<!-- \/row_inner -->\n\t\t\t\t\t<\/div>\n\t\t\t\t\t<!-- \/row_inner_wrapper -->\n\t\t\t\t<\/div>\n\t\t\t\t<!-- \/module_row -->\n\t\t\t\t\t<!-- module_row -->\n\t\t\t<div  data-gutter=\"gutter-default\" class=\"themify_builder_row themify_builder_1073_row module_row module_row_6 module_row_1073-6 clearfix gutter-default col_align_top\" data-column-alignment=\"col_align_top\">\n\n\t\t\n\t\t\t\t\n\t\t\t\t<div class=\"row_inner_wrapper\">\n\t\t\t\t\t<div class=\"row_inner\">\n\n\t\t\t\t\t\t\n\t\t\t\t\t\t\n\t\t\t\t\t\t\t\n\t\t<div  class=\"col3-1 first tb-column empty-column tb_1073_column module_column_0 module_column_1073-6-0 module_column\" >\n\n\t\t\t\n\t\t\t\n\t\t\t<div class=\"tb-column-inner\">\n\n\t\t\t\t\n\t\t\t\t\n\t\t\t\t\t&nbsp;\n\t\t\t\t\n\t\t\t<\/div><!-- \/.tb-column-inner -->\n\t\t\t\t\t<\/div>\n\t\t<!-- \/.tb-column -->\n\t\t\n\t\t\n\t\t<div  class=\"col3-1 middle tb-column empty-column tb_1073_column module_column_1 module_column_1073-6-1 module_column\" >\n\n\t\t\t\n\t\t\t\n\t\t\t<div class=\"tb-column-inner\">\n\n\t\t\t\t\n\t\t\t\t\n\t\t\t\t\t&nbsp;\n\t\t\t\t\n\t\t\t<\/div><!-- \/.tb-column-inner -->\n\t\t\t\t\t<\/div>\n\t\t<!-- \/.tb-column -->\n\t\t\n\t\t\n\t\t<div  class=\"col3-1 last tb-column empty-column tb_1073_column module_column_2 module_column_1073-6-2 module_column\" >\n\n\t\t\t\n\t\t\t\n\t\t\t<div class=\"tb-column-inner\">\n\n\t\t\t\t\n\t\t\t\t\n\t\t\t\t\t&nbsp;\n\t\t\t\t\n\t\t\t<\/div><!-- \/.tb-column-inner -->\n\t\t\t\t\t<\/div>\n\t\t<!-- \/.tb-column -->\n\t\t\n\t\t\n\t\t\t\t\t\t\t\t\n\t\t\t\t\t\t\t\t\n\t\t\t\t\t\t\t\n\t\t\t\t\t\t<\/div>\n\t\t\t\t\t\t<!-- \/row_inner -->\n\t\t\t\t\t<\/div>\n\t\t\t\t\t<!-- \/row_inner_wrapper -->\n\t\t\t\t<\/div>\n\t\t\t\t<!-- \/module_row -->\n\t\t<\/div>\n<!-- \/themify_builder_content -->","protected":false},"excerpt":{"rendered":"<p>Oltre che nei servizi orientati prettamente alle persone (servizi di Tipo A), la Cooperativa svolge il proprio operato anche nella forma di servizi ai privati e alle imprese (servizi di tipo B).Scopo sociale della Cooperativa \u00e8 anche lo sviluppo di opportunit\u00e0 di inserimento lavorativo per le persone svantaggiate.Oggi Nemesi \u00e8 in grado anche di collaborare [&hellip;]<\/p>\n","protected":false},"author":1,"featured_media":0,"parent":0,"menu_order":0,"comment_status":"closed","ping_status":"closed","template":"","meta":{"footnotes":""},"class_list":["post-1073","page","type-page","status-publish","hentry","has-post-title","has-post-date","has-post-category","has-post-tag","has-post-comment","has-post-author"],"_links":{"self":[{"href":"https:\/\/www.nemesiscs.it\/wordpress-scs\/wp-json\/wp\/v2\/pages\/1073","targetHints":{"allow":["GET"]}}],"collection":[{"href":"https:\/\/www.nemesiscs.it\/wordpress-scs\/wp-json\/wp\/v2\/pages"}],"about":[{"href":"https:\/\/www.nemesiscs.it\/wordpress-scs\/wp-json\/wp\/v2\/types\/page"}],"author":[{"embeddable":true,"href":"https:\/\/www.nemesiscs.it\/wordpress-scs\/wp-json\/wp\/v2\/users\/1"}],"replies":[{"embeddable":true,"href":"https:\/\/www.nemesiscs.it\/wordpress-scs\/wp-json\/wp\/v2\/comments?post=1073"}],"version-history":[{"count":81,"href":"https:\/\/www.nemesiscs.it\/wordpress-scs\/wp-json\/wp\/v2\/pages\/1073\/revisions"}],"predecessor-version":[{"id":2991,"href":"https:\/\/www.nemesiscs.it\/wordpress-scs\/wp-json\/wp\/v2\/pages\/1073\/revisions\/2991"}],"wp:attachment":[{"href":"https:\/\/www.nemesiscs.it\/wordpress-scs\/wp-json\/wp\/v2\/media?parent=1073"}],"curies":[{"name":"wp","href":"https:\/\/api.w.org\/{rel}","templated":true}]}}